{"id":3,"date":"2025-01-29T07:02:43","date_gmt":"2025-01-29T07:02:43","guid":{"rendered":"https:\/\/mellener-landmarkt.de\/?page_id=3"},"modified":"2025-02-11T23:34:07","modified_gmt":"2025-02-11T23:34:07","slug":"privacy-policy","status":"publish","type":"page","link":"https:\/\/mellener-landmarkt.de\/?page_id=3","title":{"rendered":"Datenschutzhinweise"},"content":{"rendered":"\n<h2 class=\"wp-block-heading\">Datenschutz auf einen Blick<\/h2>\n\n\n\n<p>(a.) Allgemeine Hinweise<br>Die folgenden Hinweise geben einen einfachen \u00dcberblick dar\u00fcber, was mit Ihren personenbezogenen Daten passiert, wenn Sie unsere Website besuchen. Personenbezogene Daten sind alle Daten, mit denen Sie pers\u00f6nlich identifiziert werden k\u00f6nnen. Ausf\u00fchrliche Informationen zum Thema Datenschutz entnehmen Sie unserer unter diesem Text aufgef\u00fchrten Datenschutzerkl\u00e4rung.<\/p>\n\n\n\n<p>(b.) Datenerfassung auf unserer Website<br>Wer ist verantwortlich f\u00fcr die Datenerfassung auf dieser Website?<br>Die Datenverarbeitung auf dieser Website erfolgt durch den Websitebetreiber. Dessen Kontaktdaten k\u00f6nnen Sie dem Impressum dieser Website entnehmen.<\/p>\n\n\n\n<p>\u2013 Wie erfassen wir Ihre Daten?<br>Ihre Daten werden zum einen dadurch erhoben, dass Sie uns diese mitteilen. Hierbei kann es sich z.B. um Daten handeln, die Sie in ein Kontaktformular eingeben. Andere Daten werden automatisch beim Besuch der Website durch unsere IT-Systeme erfasst. Das sind vor allem technische Daten (z.B. Internetbrowser, Betriebssystem oder Uhrzeit des Seitenaufrufs). Die Erfassung dieser Daten erfolgt automatisch, sobald Sie unsere Website betreten.<\/p>\n\n\n\n<p>\u2013 Wof\u00fcr nutzen wir Ihre Daten?<br>Ein Teil der Daten wird erhoben, um eine fehlerfreie Bereitstellung der Website zu gew\u00e4hrleisten. Andere Daten k\u00f6nnen zur Analyse Ihres Nutzerverhaltens verwendet werden.<\/p>\n\n\n\n<p>\u2013 Welche Rechte haben Sie bez\u00fcglich Ihrer Daten?<br>Sie haben jederzeit das Recht unentgeltlich Auskunft \u00fcber Herkunft, Empf\u00e4nger und Zweck Ihrer gespeicherten personenbezogenen Daten zu erhalten. Sie haben au\u00dferdem ein Recht, die Berichtigung, Sperrung oder L\u00f6schung dieser Daten zu verlangen. Hierzu sowie zu weiteren Fragen zum Thema Datenschutz k\u00f6nnen Sie sich jederzeit unter der im Impressum angegebenen Adresse an uns wenden. Des Weiteren steht Ihnen ein Beschwerderecht bei der zust\u00e4ndigen Aufsichtsbeh\u00f6rde zu.<\/p>\n\n\n\n<p>(c.) Analyse-Tools und Tools von Drittanbietern<br>Beim Besuch unserer Website kann Ihr Surf-Verhalten statistisch ausgewertet werden. Das geschieht vor allem mit Cookies und mit sogenannten Analyseprogrammen. Die Analyse Ihres Surf-Verhaltens erfolgt in der Regel anonym; das Surf-Verhalten kann nicht zu Ihnen zur\u00fcckverfolgt werden. Sie k\u00f6nnen dieser Analyse widersprechen oder sie durch die Nichtbenutzung bestimmter Tools verhindern. Detaillierte Informationen dazu finden Sie in der folgenden Datenschutzerkl\u00e4rung. Sie k\u00f6nnen dieser Analyse widersprechen. \u00dcber die Widerspruchsm\u00f6glichkeiten werden wir Sie in dieser Datenschutzerkl\u00e4rung informieren.<\/p>\n\n\n\n<h2 class=\"wp-block-heading\">Allgemeine Hinweise und Pflichtinformationen<\/h2>\n\n\n\n<p>(a.) Datenschutz<br>Die Betreiber dieser Seiten nehmen den Schutz Ihrer pers\u00f6nlichen Daten sehr ernst. Wir behandeln Ihre personenbezogenen Daten vertraulich und entsprechend der gesetzlichen Datenschutzvorschriften sowie dieser Datenschutzerkl\u00e4rung. Wenn Sie diese Website benutzen, werden verschiedene personenbezogene Daten erhoben. Personenbezogene Daten sind Daten, mit denen Sie pers\u00f6nlich identifiziert werden k\u00f6nnen. Die vorliegende Datenschutzerkl\u00e4rung erl\u00e4utert, welche Daten wir erheben und wof\u00fcr wir sie nutzen. Sie erl\u00e4utert auch, wie und zu welchem Zweck das geschieht. Wir weisen darauf hin, dass die Daten\u00fcbertragung im Internet (z.B. bei der Kommunikation per E-Mail) Sicherheitsl\u00fccken aufweisen kann. Ein l\u00fcckenloser Schutz der Daten vor dem Zugriff durch Dritte ist nicht m\u00f6glich.<\/p>\n\n\n\n<p>(b.) Hinweis zur verantwortlichen Stelle<br>Die verantwortliche Stelle f\u00fcr die Datenverarbeitung auf dieser Website ist:<\/p>\n\n\n\n<p>Mellener Landmarkt AG (bitte \u00e4ndern)<\/p>\n\n\n\n<p>Nadine Richter<br>Balver Str. 18<br>58802 Balve<\/p>\n\n\n\n<p>\u00a0+49 (0) 162 2158526<br>info@mellener-landmarkt.de<\/p>\n\n\n\n<p>Verantwortliche Stelle ist die nat\u00fcrliche oder juristische Person, die allein oder gemeinsam mit anderen \u00fcber die Zwecke und Mittel der Verarbeitung von personenbezogenen Daten (z.B. Namen, E-Mail-Adressen o. \u00c4.) entscheidet.<\/p>\n\n\n\n<p>(c.) Widerruf Ihrer Einwilligung zur Datenverarbeitung<br>Viele Datenverarbeitungsvorg\u00e4nge sind nur mit Ihrer ausdr\u00fccklichen Einwilligung m\u00f6glich. Sie k\u00f6nnen eine bereits erteilte Einwilligung jederzeit widerrufen. Dazu reicht eine formlose Mitteilung per E-Mail an uns. Die Rechtm\u00e4\u00dfigkeit der bis zum Widerruf erfolgten Datenverarbeitung bleibt vom Widerruf unber\u00fchrt.<\/p>\n\n\n\n<p>(d.) Beschwerderecht bei der zust\u00e4ndigen Aufsichtsbeh\u00f6rde<br>Im Falle datenschutzrechtlicher Verst\u00f6\u00dfe steht dem Betroffenen ein Beschwerderecht bei der zust\u00e4ndigen Aufsichtsbeh\u00f6rde zu. Zust\u00e4ndige Aufsichtsbeh\u00f6rde in datenschutzrechtlichen Fragen ist der Landesdatenschutzbeauftragte des Bundeslandes, in dem unser Unternehmen seinen Sitz hat.<\/p>\n\n\n\n<p>(e.) Recht auf Daten\u00fcbertragbarkeit<br>Sie haben das Recht, Daten, die wir auf Grundlage Ihrer Einwilligung oder in Erf\u00fcllung eines Vertrags automatisiert verarbeiten, an sich oder an einen Dritten in einem g\u00e4ngigen, maschinenlesbaren Format aush\u00e4ndigen zu lassen. Sofern Sie die direkte \u00dcbertragung der Daten an einen anderen Verantwortlichen verlangen, erfolgt dies nur, soweit es technisch machbar ist.<\/p>\n\n\n\n<p>(f.) Auskunft, Sperrung, L\u00f6schung<br>Sie haben im Rahmen der geltenden gesetzlichen Bestimmungen jederzeit das Recht auf unentgeltliche Auskunft \u00fcber Ihre gespeicherten personenbezogenen Daten, deren Herkunft und Empf\u00e4nger und den Zweck der Datenverarbeitung und ggf. ein Recht auf Berichtigung, Sperrung oder L\u00f6schung dieser Daten. Hierzu sowie zu weiteren Fragen zum Thema personenbezogene Daten k\u00f6nnen Sie sich jederzeit unter der im Impressum angegebenen Adresse an uns wenden.<\/p>\n\n\n\n<p>(g.) Widerspruch gegen Werbe-Mails<br>Der Nutzung von im Rahmen der Impressumspflicht ver\u00f6ffentlichten Kontaktdaten zur \u00dcbersendung von nicht ausdr\u00fccklich angeforderter Werbung und Informationsmaterialien wird hiermit widersprochen. Die Betreiber der Seiten behalten sich ausdr\u00fccklich rechtliche Schritte im Falle der unverlangten Zusendung von Werbeinformationen, etwa durch Spam-E-Mails, vor.<\/p>\n\n\n\n<h2 class=\"wp-block-heading\">Datenerfassung auf unserer Website<\/h2>\n\n\n\n<p>(a.) Server-Log-Dateien<br>Der Provider der Seiten erhebt und speichert automatisch Informationen in so genannten Server-Log-Dateien, die Ihr Browser automatisch an uns \u00fcbermittelt. Folgende Daten werden hierbei erhoben:<\/p>\n\n\n\n<ul class=\"wp-block-list\">\n<li>Informationen \u00fcber den Browsertyp und die verwendete Version<\/li>\n\n\n\n<li>Das Betriebssystem des Nutzers<\/li>\n\n\n\n<li>Den Internet-Service-Provider des Nutzers<\/li>\n\n\n\n<li>Die IP-Adresse des Nutzers<\/li>\n\n\n\n<li>Datum und Uhrzeit des Zugriffs<\/li>\n\n\n\n<li>Webseiten, von denen das System des Nutzers auf unsere Internetseite gelangt<\/li>\n\n\n\n<li>Webseiten, die vom System des Nutzers \u00fcber unsere Webseite aufgerufen werden<\/li>\n<\/ul>\n\n\n\n<p>Eine Zusammenf\u00fchrung dieser Daten mit anderen Datenquellen wird nicht vorgenommen.<\/p>\n\n\n\n<p>Grundlage f\u00fcr die Datenverarbeitung ist Art. 6 Abs. 1 lit. f DSGVO, der die Verarbeitung von Daten zur Erf\u00fcllung eines Vertrags oder vorvertraglicher Ma\u00dfnahmen gestattet.<\/p>\n\n\n\n<p>(b.) Verarbeiten von Daten (Kunden- und Vertragsdaten)<br>Wir erheben, verarbeiten und nutzen personenbezogene Daten nur, soweit sie f\u00fcr die Begr\u00fcndung, inhaltliche Ausgestaltung oder \u00c4nderung des Rechtsverh\u00e4ltnisses erforderlich sind (Bestandsdaten). Dies erfolgt auf Grundlage von Art. 6 Abs. 1 lit. b DSGVO, der die Verarbeitung von Daten zur Erf\u00fcllung eines Vertrags oder vorvertraglicher Ma\u00dfnahmen gestattet. Personenbezogene Daten \u00fcber die Inanspruchnahme unserer Internetseiten (Nutzungsdaten) erheben, verarbeiten und nutzen wir nur, soweit dies erforderlich ist, um dem Nutzer die Inanspruchnahme des Dienstes zu erm\u00f6glichen oder abzurechnen.<\/p>\n\n\n\n<p>Die erhobenen Kundendaten werden nach Abschluss des Auftrags oder Beendigung der Gesch\u00e4ftsbeziehung gel\u00f6scht. Gesetzliche Aufbewahrungsfristen bleiben unber\u00fchrt.<\/p>\n\n\n\n<p>(c.) Verwendung von Cookies<br>Unsere Webeseite verwendet Cookies. Bei Cookies handelt es sich um Textdateien, die im Internetbrowser bzw. vom Internetbrowser auf dem Computersystem des Nutzers gespeichert werden. Ruft ein Nutzer eine Webseite auf, so kann ein Cookie auf dem Betriebssystem des Nutzers gespeichert werden. Dieser Cookie enth\u00e4lt eine charakteristische Zeichenfolge, die eine eindeutige Identifizierung des Browsers beim erneuten Aufrufen der Webseite erm\u00f6glicht.<\/p>\n\n\n\n<p>(d.) Technisch notwendige Cookies<br>Wir setzen Cookies ein, um unsere Webseite benutzerfreundlicher zu gestalten. Einige Elemente unserer Internetseite erfordern es, dass der aufrufende Browser auch nach einem Seitenwechsel identifiziert werden kann.<\/p>\n\n\n\n<h2 class=\"wp-block-heading\">Plugins &amp; Tools<\/h2>\n\n\n\n<p>(a.) Google Web Fonts<br>Diese Seite nutzt zur einheitlichen Darstellung von Schriftarten so genannte Web Fonts, die von Google bereitgestellt werden. Beim Aufruf einer Seite l\u00e4dt Ihr Browser die ben\u00f6tigten Web Fonts in ihren Browsercache, um Texte und Schriftarten korrekt anzuzeigen.<\/p>\n\n\n\n<p>Zu diesem Zweck muss der von Ihnen verwendete Browser Verbindung zu den Servern von Google aufnehmen. Hierdurch erlangt Google Kenntnis dar\u00fcber, dass \u00fcber Ihre IP-Adresse unsere Website aufgerufen wurde. Die Nutzung von Google Web Fonts erfolgt im Interesse einer einheitlichen und ansprechenden Darstellung unserer Online-Angebote. Dies stellt ein berechtigtes Interesse im Sinne von Art. 6 Abs. 1 lit. f DSGVO dar.<\/p>\n\n\n\n<p>Wenn Ihr Browser Web Fonts nicht unterst\u00fctzt, wird eine Standardschrift von Ihrem Computer genutzt.<\/p>\n","protected":false},"excerpt":{"rendered":"<p>Datenschutz auf einen Blick (a.) Allgemeine HinweiseDie folgenden Hinweise geben einen einfachen \u00dcberblick dar\u00fcber, was mit Ihren personenbezogenen Daten passiert, wenn Sie unsere Website besuchen. Personenbezogene Daten sind alle Daten, mit denen Sie pers\u00f6nlich identifiziert werden k\u00f6nnen. Ausf\u00fchrliche Informationen zum Thema Datenschutz entnehmen Sie unserer unter diesem Text aufgef\u00fchrten Datenschutzerkl\u00e4rung. (b.) Datenerfassung auf unserer WebsiteWer &#8230;<\/p>\n","protected":false},"author":1,"featured_media":0,"parent":0,"menu_order":0,"comment_status":"closed","ping_status":"open","template":"template-fullwidth.php","meta":{"patiotime_single_page_hide_site_header":"","patiotime_single_page_site_header_source":"","patiotime_single_page_custom_site_header":"0","patiotime_single_page_custom_sticky_site_header":"0","patiotime_single_page_custom_page_title_margin_top_source":"","patiotime_single_page_custom_page_title_desktop_margin_top":"","patiotime_single_page_custom_page_title_tablet_margin_top":"","patiotime_single_page_custom_page_title_mobile_margin_top":"","patiotime_single_page_hide_page_title":"","patiotime_single_page_header_section_size":"","patiotime_single_page_header_background_color":"","patiotime_single_page_header_background_position_x":"center","patiotime_single_page_header_background_position_y":"center","patiotime_single_page_header_background_size":"cover","patiotime_single_page_header_background_repeat":"off","patiotime_single_page_header_background_scroll":"on","patiotime_single_page_header_text_color":"","patiotime_single_page_header_show_breadcrumb":"","patiotime_single_page_site_footer_hide_main":"","patiotime_single_custom_site_footer_main_source":"","patiotime_single_custom_site_footer_main":"0","patiotime_single_page_site_footer_hide_above":"","patiotime_single_custom_site_footer_above_source":"","patiotime_single_custom_site_footer_above":"0","patiotime_single_page_site_footer_hide_instagram":"","patiotime_single_page_site_footer_hide_bottom":"","patiotime_single_custom_mobile_menu_source":"","patiotime_single_custom_mobile_menu":"0","patiotime_single_custom_mobile_menu_animation":"","patiotime_single_custom_mobile_menu_width":"","patiotime_single_custom_mobile_menu_custom_width":375,"footnotes":""},"class_list":["post-3","page","type-page","status-publish","hentry"],"yoast_head":"<!-- This site is optimized with the Yoast SEO plugin v24.3 - https:\/\/yoast.com\/wordpress\/plugins\/seo\/ -->\n<title>Datenschutzhinweise - Mellener Landmarkt<\/title>\n<meta name=\"robots\" content=\"index, follow, max-snippet:-1, max-image-preview:large, max-video-preview:-1\" \/>\n<link rel=\"canonical\" href=\"https:\/\/mellener-landmarkt.de\/?page_id=3\" \/>\n<meta property=\"og:locale\" content=\"de_DE\" \/>\n<meta property=\"og:type\" content=\"article\" \/>\n<meta property=\"og:title\" content=\"Datenschutzhinweise - Mellener Landmarkt\" \/>\n<meta property=\"og:description\" content=\"Datenschutz auf einen Blick (a.) Allgemeine HinweiseDie folgenden Hinweise geben einen einfachen \u00dcberblick dar\u00fcber, was mit Ihren personenbezogenen Daten passiert, wenn Sie unsere Website besuchen. Personenbezogene Daten sind alle Daten, mit denen Sie pers\u00f6nlich identifiziert werden k\u00f6nnen. Ausf\u00fchrliche Informationen zum Thema Datenschutz entnehmen Sie unserer unter diesem Text aufgef\u00fchrten Datenschutzerkl\u00e4rung. (b.) Datenerfassung auf unserer WebsiteWer ...\" \/>\n<meta property=\"og:url\" content=\"https:\/\/mellener-landmarkt.de\/?page_id=3\" \/>\n<meta property=\"og:site_name\" content=\"Mellener Landmarkt\" \/>\n<meta property=\"article:modified_time\" content=\"2025-02-11T23:34:07+00:00\" \/>\n<meta name=\"twitter:card\" content=\"summary_large_image\" \/>\n<meta name=\"twitter:label1\" content=\"Gesch\u00e4tzte Lesezeit\" \/>\n\t<meta name=\"twitter:data1\" content=\"6\u00a0Minuten\" \/>\n<script type=\"application\/ld+json\" class=\"yoast-schema-graph\">{\"@context\":\"https:\/\/schema.org\",\"@graph\":[{\"@type\":\"WebPage\",\"@id\":\"https:\/\/mellener-landmarkt.de\/?page_id=3\",\"url\":\"https:\/\/mellener-landmarkt.de\/?page_id=3\",\"name\":\"Datenschutzhinweise - Mellener Landmarkt\",\"isPartOf\":{\"@id\":\"https:\/\/mellener-landmarkt.de\/#website\"},\"datePublished\":\"2025-01-29T07:02:43+00:00\",\"dateModified\":\"2025-02-11T23:34:07+00:00\",\"breadcrumb\":{\"@id\":\"https:\/\/mellener-landmarkt.de\/?page_id=3#breadcrumb\"},\"inLanguage\":\"de\",\"potentialAction\":[{\"@type\":\"ReadAction\",\"target\":[\"https:\/\/mellener-landmarkt.de\/?page_id=3\"]}]},{\"@type\":\"BreadcrumbList\",\"@id\":\"https:\/\/mellener-landmarkt.de\/?page_id=3#breadcrumb\",\"itemListElement\":[{\"@type\":\"ListItem\",\"position\":1,\"name\":\"Home\",\"item\":\"https:\/\/mellener-landmarkt.de\/\"},{\"@type\":\"ListItem\",\"position\":2,\"name\":\"Datenschutzhinweise\"}]},{\"@type\":\"WebSite\",\"@id\":\"https:\/\/mellener-landmarkt.de\/#website\",\"url\":\"https:\/\/mellener-landmarkt.de\/\",\"name\":\"Mellener Landmarkt\",\"description\":\"\",\"potentialAction\":[{\"@type\":\"SearchAction\",\"target\":{\"@type\":\"EntryPoint\",\"urlTemplate\":\"https:\/\/mellener-landmarkt.de\/?s={search_term_string}\"},\"query-input\":{\"@type\":\"PropertyValueSpecification\",\"valueRequired\":true,\"valueName\":\"search_term_string\"}}],\"inLanguage\":\"de\"}]}<\/script>\n<!-- \/ Yoast SEO plugin. -->","yoast_head_json":{"title":"Datenschutzhinweise - Mellener Landmarkt","robots":{"index":"index","follow":"follow","max-snippet":"max-snippet:-1","max-image-preview":"max-image-preview:large","max-video-preview":"max-video-preview:-1"},"canonical":"https:\/\/mellener-landmarkt.de\/?page_id=3","og_locale":"de_DE","og_type":"article","og_title":"Datenschutzhinweise - Mellener Landmarkt","og_description":"Datenschutz auf einen Blick (a.) Allgemeine HinweiseDie folgenden Hinweise geben einen einfachen \u00dcberblick dar\u00fcber, was mit Ihren personenbezogenen Daten passiert, wenn Sie unsere Website besuchen. Personenbezogene Daten sind alle Daten, mit denen Sie pers\u00f6nlich identifiziert werden k\u00f6nnen. Ausf\u00fchrliche Informationen zum Thema Datenschutz entnehmen Sie unserer unter diesem Text aufgef\u00fchrten Datenschutzerkl\u00e4rung. (b.) Datenerfassung auf unserer WebsiteWer ...","og_url":"https:\/\/mellener-landmarkt.de\/?page_id=3","og_site_name":"Mellener Landmarkt","article_modified_time":"2025-02-11T23:34:07+00:00","twitter_card":"summary_large_image","twitter_misc":{"Gesch\u00e4tzte Lesezeit":"6\u00a0Minuten"},"schema":{"@context":"https:\/\/schema.org","@graph":[{"@type":"WebPage","@id":"https:\/\/mellener-landmarkt.de\/?page_id=3","url":"https:\/\/mellener-landmarkt.de\/?page_id=3","name":"Datenschutzhinweise - Mellener Landmarkt","isPartOf":{"@id":"https:\/\/mellener-landmarkt.de\/#website"},"datePublished":"2025-01-29T07:02:43+00:00","dateModified":"2025-02-11T23:34:07+00:00","breadcrumb":{"@id":"https:\/\/mellener-landmarkt.de\/?page_id=3#breadcrumb"},"inLanguage":"de","potentialAction":[{"@type":"ReadAction","target":["https:\/\/mellener-landmarkt.de\/?page_id=3"]}]},{"@type":"BreadcrumbList","@id":"https:\/\/mellener-landmarkt.de\/?page_id=3#breadcrumb","itemListElement":[{"@type":"ListItem","position":1,"name":"Home","item":"https:\/\/mellener-landmarkt.de\/"},{"@type":"ListItem","position":2,"name":"Datenschutzhinweise"}]},{"@type":"WebSite","@id":"https:\/\/mellener-landmarkt.de\/#website","url":"https:\/\/mellener-landmarkt.de\/","name":"Mellener Landmarkt","description":"","potentialAction":[{"@type":"SearchAction","target":{"@type":"EntryPoint","urlTemplate":"https:\/\/mellener-landmarkt.de\/?s={search_term_string}"},"query-input":{"@type":"PropertyValueSpecification","valueRequired":true,"valueName":"search_term_string"}}],"inLanguage":"de"}]}},"_links":{"self":[{"href":"https:\/\/mellener-landmarkt.de\/index.php?rest_route=\/wp\/v2\/pages\/3","targetHints":{"allow":["GET"]}}],"collection":[{"href":"https:\/\/mellener-landmarkt.de\/index.php?rest_route=\/wp\/v2\/pages"}],"about":[{"href":"https:\/\/mellener-landmarkt.de\/index.php?rest_route=\/wp\/v2\/types\/page"}],"author":[{"embeddable":true,"href":"https:\/\/mellener-landmarkt.de\/index.php?rest_route=\/wp\/v2\/users\/1"}],"replies":[{"embeddable":true,"href":"https:\/\/mellener-landmarkt.de\/index.php?rest_route=%2Fwp%2Fv2%2Fcomments&post=3"}],"version-history":[{"count":1,"href":"https:\/\/mellener-landmarkt.de\/index.php?rest_route=\/wp\/v2\/pages\/3\/revisions"}],"predecessor-version":[{"id":6641,"href":"https:\/\/mellener-landmarkt.de\/index.php?rest_route=\/wp\/v2\/pages\/3\/revisions\/6641"}],"wp:attachment":[{"href":"https:\/\/mellener-landmarkt.de\/index.php?rest_route=%2Fwp%2Fv2%2Fmedia&parent=3"}],"curies":[{"name":"wp","href":"https:\/\/api.w.org\/{rel}","templated":true}]}}